{"id":173151,"date":"2023-07-12T09:39:58","date_gmt":"2023-07-12T07:39:58","guid":{"rendered":"https:\/\/travel-advisor.eu\/uploads\/2023\/07\/VZ-2023-LJeto_-Restoran-Tajer-2-Komisija_-A.Pancur-Ivan-Timko-M.Vukelic-J.-Sasko-Antonio-Ivcevic_-Dora-Jagodic.jpg"},"modified":"2023-07-12T09:44:07","modified_gmt":"2023-07-12T07:44:07","slug":"vz-2023-ljeto_-restoran-tajer-2-komisija_-a-pancur-ivan-timko-m-vukelic-j-sasko-antonio-ivcevic_-dora-jagodic-2","status":"inherit","type":"attachment","link":"https:\/\/travel-advisor.eu\/sr\/vz-2023-ljeto_-restoran-tajer-2-komisija_-a-pancur-ivan-timko-m-vukelic-j-sasko-antonio-ivcevic_-dora-jagodic-2\/","title":{"rendered":"VZ 2023 LJeto_ Restoran Tajer (2) Komisija_ A.Pan\u010dur, Ivan Timko, M.Vukeli\u0107, J. \u0160a\u0161ko, Antonio Iv\u010devi\u0107_ Dora Jagodi\u0107"},"author":193,"featured_media":0,"comment_status":"closed","ping_status":"closed","template":"","meta":[],"yoast_head":"<!-- This site is optimized with the Yoast SEO plugin v22.9 - https:\/\/yoast.com\/wordpress\/plugins\/seo\/ -->\n<title>VZ 2023 LJeto_ Restoran Tajer (2) Komisija_ A.Pan\u010dur, Ivan Timko, M.Vukeli\u0107, J. \u0160a\u0161ko, Antonio Iv\u010devi\u0107_ Dora Jagodi\u0107 - Travel Advisor<\/title>\n<meta name=\"robots\" content=\"index, follow, max-snippet:-1, max-image-preview:large, max-video-preview:-1\" \/>\n<link rel=\"canonical\" href=\"https:\/\/travel-advisor.eu\/uploads\/2023\/07\/VZ-2023-LJeto_-Restoran-Tajer-2-Komisija_-A.Pancur-Ivan-Timko-M.Vukelic-J.-Sasko-Antonio-Ivcevic_-Dora-Jagodic-scaled.jpg\" \/>\n<meta property=\"og:locale\" content=\"sr_RS\" \/>\n<meta property=\"og:type\" content=\"article\" \/>\n<meta property=\"og:title\" content=\"VZ 2023 LJeto_ Restoran Tajer (2) Komisija_ A.Pan\u010dur, Ivan Timko, M.Vukeli\u0107, J. \u0160a\u0161ko, Antonio Iv\u010devi\u0107_ Dora Jagodi\u0107 - Travel Advisor\" \/>\n<meta property=\"og:description\" content=\"\u00a9 Julio Frangen\" \/>\n<meta property=\"og:url\" content=\"https:\/\/travel-advisor.eu\/uploads\/2023\/07\/VZ-2023-LJeto_-Restoran-Tajer-2-Komisija_-A.Pancur-Ivan-Timko-M.Vukelic-J.-Sasko-Antonio-Ivcevic_-Dora-Jagodic-scaled.jpg\" \/>\n<meta property=\"og:site_name\" content=\"Travel Advisor\" \/>\n<meta property=\"article:publisher\" content=\"https:\/\/www.facebook.com\/Savjetnik-za-putovanja-1268106453311008\/\" \/>\n<meta property=\"article:modified_time\" content=\"2023-07-12T07:44:07+00:00\" \/>\n<meta property=\"og:image\" content=\"https:\/\/travel-advisor.eu\/uploads\/2023\/07\/VZ-2023-LJeto_-Restoran-Tajer-2-Komisija_-A.Pancur-Ivan-Timko-M.Vukelic-J.-Sasko-Antonio-Ivcevic_-Dora-Jagodic-scaled.jpg\" \/>\n\t<meta property=\"og:image:width\" content=\"1920\" \/>\n\t<meta property=\"og:image:height\" content=\"1226\" \/>\n\t<meta property=\"og:image:type\" content=\"image\/jpeg\" \/>\n<meta name=\"twitter:card\" content=\"summary_large_image\" \/>\n<script type=\"application\/ld+json\" class=\"yoast-schema-graph\">{\"@context\":\"https:\/\/schema.org\",\"@graph\":[{\"@type\":\"WebPage\",\"@id\":\"https:\/\/travel-advisor.eu\/uploads\/2023\/07\/VZ-2023-LJeto_-Restoran-Tajer-2-Komisija_-A.Pancur-Ivan-Timko-M.Vukelic-J.-Sasko-Antonio-Ivcevic_-Dora-Jagodic-scaled.jpg\",\"url\":\"https:\/\/travel-advisor.eu\/uploads\/2023\/07\/VZ-2023-LJeto_-Restoran-Tajer-2-Komisija_-A.Pancur-Ivan-Timko-M.Vukelic-J.-Sasko-Antonio-Ivcevic_-Dora-Jagodic-scaled.jpg\",\"name\":\"VZ 2023 LJeto_ Restoran Tajer (2) Komisija_ A.Pan\u010dur, Ivan Timko, M.Vukeli\u0107, J. \u0160a\u0161ko, Antonio Iv\u010devi\u0107_ Dora Jagodi\u0107 - Travel Advisor\",\"isPartOf\":{\"@id\":\"https:\/\/travel-advisor.eu\/#website\"},\"datePublished\":\"2023-07-12T07:39:58+00:00\",\"dateModified\":\"2023-07-12T07:44:07+00:00\",\"breadcrumb\":{\"@id\":\"https:\/\/travel-advisor.eu\/uploads\/2023\/07\/VZ-2023-LJeto_-Restoran-Tajer-2-Komisija_-A.Pancur-Ivan-Timko-M.Vukelic-J.-Sasko-Antonio-Ivcevic_-Dora-Jagodic-scaled.jpg#breadcrumb\"},\"inLanguage\":\"sr-RS\",\"potentialAction\":[{\"@type\":\"ReadAction\",\"target\":[\"https:\/\/travel-advisor.eu\/uploads\/2023\/07\/VZ-2023-LJeto_-Restoran-Tajer-2-Komisija_-A.Pancur-Ivan-Timko-M.Vukelic-J.-Sasko-Antonio-Ivcevic_-Dora-Jagodic-scaled.jpg\"]}]},{\"@type\":\"BreadcrumbList\",\"@id\":\"https:\/\/travel-advisor.eu\/uploads\/2023\/07\/VZ-2023-LJeto_-Restoran-Tajer-2-Komisija_-A.Pancur-Ivan-Timko-M.Vukelic-J.-Sasko-Antonio-Ivcevic_-Dora-Jagodic-scaled.jpg#breadcrumb\",\"itemListElement\":[{\"@type\":\"ListItem\",\"position\":1,\"name\":\"Po\u010detna stranica\",\"item\":\"https:\/\/travel-advisor.eu\/\"},{\"@type\":\"ListItem\",\"position\":2,\"name\":\"VZ 2023 LJeto_ Restoran Tajer (2) Komisija_ A.Pan\u010dur, Ivan Timko, M.Vukeli\u0107, J. \u0160a\u0161ko, Antonio Iv\u010devi\u0107_ Dora Jagodi\u0107\"}]},{\"@type\":\"WebSite\",\"@id\":\"https:\/\/travel-advisor.eu\/#website\",\"url\":\"https:\/\/travel-advisor.eu\/\",\"name\":\"Travel Advisor\",\"description\":\"Tisu\u0107e \u010dlanaka o zemljama, gradovima i atrakcijama\",\"potentialAction\":[{\"@type\":\"SearchAction\",\"target\":{\"@type\":\"EntryPoint\",\"urlTemplate\":\"https:\/\/travel-advisor.eu\/?s={search_term_string}\"},\"query-input\":\"required name=search_term_string\"}],\"inLanguage\":\"sr-RS\"}]}<\/script>\n<!-- \/ Yoast SEO plugin. -->","yoast_head_json":{"title":"VZ 2023 LJeto_ Restoran Tajer (2) Komisija_ A.Pan\u010dur, Ivan Timko, M.Vukeli\u0107, J. \u0160a\u0161ko, Antonio Iv\u010devi\u0107_ Dora Jagodi\u0107 - Travel Advisor","robots":{"index":"index","follow":"follow","max-snippet":"max-snippet:-1","max-image-preview":"max-image-preview:large","max-video-preview":"max-video-preview:-1"},"canonical":"https:\/\/travel-advisor.eu\/uploads\/2023\/07\/VZ-2023-LJeto_-Restoran-Tajer-2-Komisija_-A.Pancur-Ivan-Timko-M.Vukelic-J.-Sasko-Antonio-Ivcevic_-Dora-Jagodic-scaled.jpg","og_locale":"sr_RS","og_type":"article","og_title":"VZ 2023 LJeto_ Restoran Tajer (2) Komisija_ A.Pan\u010dur, Ivan Timko, M.Vukeli\u0107, J. \u0160a\u0161ko, Antonio Iv\u010devi\u0107_ Dora Jagodi\u0107 - Travel Advisor","og_description":"\u00a9 Julio Frangen","og_url":"https:\/\/travel-advisor.eu\/uploads\/2023\/07\/VZ-2023-LJeto_-Restoran-Tajer-2-Komisija_-A.Pancur-Ivan-Timko-M.Vukelic-J.-Sasko-Antonio-Ivcevic_-Dora-Jagodic-scaled.jpg","og_site_name":"Travel Advisor","article_publisher":"https:\/\/www.facebook.com\/Savjetnik-za-putovanja-1268106453311008\/","article_modified_time":"2023-07-12T07:44:07+00:00","og_image":[{"width":1920,"height":1226,"url":"https:\/\/travel-advisor.eu\/uploads\/2023\/07\/VZ-2023-LJeto_-Restoran-Tajer-2-Komisija_-A.Pancur-Ivan-Timko-M.Vukelic-J.-Sasko-Antonio-Ivcevic_-Dora-Jagodic-scaled.jpg","type":"image\/jpeg"}],"twitter_card":"summary_large_image","schema":{"@context":"https:\/\/schema.org","@graph":[{"@type":"WebPage","@id":"https:\/\/travel-advisor.eu\/uploads\/2023\/07\/VZ-2023-LJeto_-Restoran-Tajer-2-Komisija_-A.Pancur-Ivan-Timko-M.Vukelic-J.-Sasko-Antonio-Ivcevic_-Dora-Jagodic-scaled.jpg","url":"https:\/\/travel-advisor.eu\/uploads\/2023\/07\/VZ-2023-LJeto_-Restoran-Tajer-2-Komisija_-A.Pancur-Ivan-Timko-M.Vukelic-J.-Sasko-Antonio-Ivcevic_-Dora-Jagodic-scaled.jpg","name":"VZ 2023 LJeto_ Restoran Tajer (2) Komisija_ A.Pan\u010dur, Ivan Timko, M.Vukeli\u0107, J. \u0160a\u0161ko, Antonio Iv\u010devi\u0107_ Dora Jagodi\u0107 - Travel Advisor","isPartOf":{"@id":"https:\/\/travel-advisor.eu\/#website"},"datePublished":"2023-07-12T07:39:58+00:00","dateModified":"2023-07-12T07:44:07+00:00","breadcrumb":{"@id":"https:\/\/travel-advisor.eu\/uploads\/2023\/07\/VZ-2023-LJeto_-Restoran-Tajer-2-Komisija_-A.Pancur-Ivan-Timko-M.Vukelic-J.-Sasko-Antonio-Ivcevic_-Dora-Jagodic-scaled.jpg#breadcrumb"},"inLanguage":"sr-RS","potentialAction":[{"@type":"ReadAction","target":["https:\/\/travel-advisor.eu\/uploads\/2023\/07\/VZ-2023-LJeto_-Restoran-Tajer-2-Komisija_-A.Pancur-Ivan-Timko-M.Vukelic-J.-Sasko-Antonio-Ivcevic_-Dora-Jagodic-scaled.jpg"]}]},{"@type":"BreadcrumbList","@id":"https:\/\/travel-advisor.eu\/uploads\/2023\/07\/VZ-2023-LJeto_-Restoran-Tajer-2-Komisija_-A.Pancur-Ivan-Timko-M.Vukelic-J.-Sasko-Antonio-Ivcevic_-Dora-Jagodic-scaled.jpg#breadcrumb","itemListElement":[{"@type":"ListItem","position":1,"name":"Po\u010detna stranica","item":"https:\/\/travel-advisor.eu\/"},{"@type":"ListItem","position":2,"name":"VZ 2023 LJeto_ Restoran Tajer (2) Komisija_ A.Pan\u010dur, Ivan Timko, M.Vukeli\u0107, J. \u0160a\u0161ko, Antonio Iv\u010devi\u0107_ Dora Jagodi\u0107"}]},{"@type":"WebSite","@id":"https:\/\/travel-advisor.eu\/#website","url":"https:\/\/travel-advisor.eu\/","name":"Travel Advisor","description":"Tisu\u0107e \u010dlanaka o zemljama, gradovima i atrakcijama","potentialAction":[{"@type":"SearchAction","target":{"@type":"EntryPoint","urlTemplate":"https:\/\/travel-advisor.eu\/?s={search_term_string}"},"query-input":"required name=search_term_string"}],"inLanguage":"sr-RS"}]}},"description":{"rendered":"<p class=\"attachment\"><a href='https:\/\/travel-advisor.eu\/wp-content\/uploads\/2023\/07\/VZ-2023-LJeto_-Restoran-Tajer-2-Komisija_-A.Pancur-Ivan-Timko-M.Vukelic-J.-Sasko-Antonio-Ivcevic_-Dora-Jagodic-scaled.jpg'><img fetchpriority=\"high\" decoding=\"async\" width=\"1920\" height=\"1226\" src=\"https:\/\/travel-advisor.eu\/wp-content\/uploads\/2023\/07\/VZ-2023-LJeto_-Restoran-Tajer-2-Komisija_-A.Pancur-Ivan-Timko-M.Vukelic-J.-Sasko-Antonio-Ivcevic_-Dora-Jagodic-scaled.jpg\" class=\"attachment-medium size-medium\" alt=\"Komisija na ocjenjivanju vina u restoranu Tajer\" srcset=\"https:\/\/travel-advisor.eu\/wp-content\/uploads\/2023\/07\/VZ-2023-LJeto_-Restoran-Tajer-2-Komisija_-A.Pancur-Ivan-Timko-M.Vukelic-J.-Sasko-Antonio-Ivcevic_-Dora-Jagodic-scaled.jpg 1920w, https:\/\/travel-advisor.eu\/wp-content\/uploads\/2023\/07\/VZ-2023-LJeto_-Restoran-Tajer-2-Komisija_-A.Pancur-Ivan-Timko-M.Vukelic-J.-Sasko-Antonio-Ivcevic_-Dora-Jagodic-768x490.jpg 768w, https:\/\/travel-advisor.eu\/wp-content\/uploads\/2023\/07\/VZ-2023-LJeto_-Restoran-Tajer-2-Komisija_-A.Pancur-Ivan-Timko-M.Vukelic-J.-Sasko-Antonio-Ivcevic_-Dora-Jagodic-1536x981.jpg 1536w\" sizes=\"(max-width: 1920px) 100vw, 1920px\" \/><\/a><\/p>\n"},"caption":{"rendered":"<p>\u00a9 Julio Frangen<\/p>\n"},"alt_text":"Komisija na ocjenjivanju vina u restoranu Tajer","media_type":"image","mime_type":"image\/jpeg","media_details":{"width":1920,"height":1226,"file":"2023\/07\/VZ-2023-LJeto_-Restoran-Tajer-2-Komisija_-A.Pancur-Ivan-Timko-M.Vukelic-J.-Sasko-Antonio-Ivcevic_-Dora-Jagodic-scaled.jpg","filesize":309854,"sizes":{"medium_large":{"file":"VZ-2023-LJeto_-Restoran-Tajer-2-Komisija_-A.Pancur-Ivan-Timko-M.Vukelic-J.-Sasko-Antonio-Ivcevic_-Dora-Jagodic-768x490.jpg","width":768,"height":490,"filesize":78531,"mime_type":"image\/jpeg","source_url":"https:\/\/travel-advisor.eu\/wp-content\/uploads\/2023\/07\/VZ-2023-LJeto_-Restoran-Tajer-2-Komisija_-A.Pancur-Ivan-Timko-M.Vukelic-J.-Sasko-Antonio-Ivcevic_-Dora-Jagodic-768x490.jpg"},"1536x1536":{"file":"VZ-2023-LJeto_-Restoran-Tajer-2-Komisija_-A.Pancur-Ivan-Timko-M.Vukelic-J.-Sasko-Antonio-Ivcevic_-Dora-Jagodic-1536x981.jpg","width":1536,"height":981,"filesize":222989,"mime_type":"image\/jpeg","source_url":"https:\/\/travel-advisor.eu\/wp-content\/uploads\/2023\/07\/VZ-2023-LJeto_-Restoran-Tajer-2-Komisija_-A.Pancur-Ivan-Timko-M.Vukelic-J.-Sasko-Antonio-Ivcevic_-Dora-Jagodic-1536x981.jpg"},"qi_addons_for_elementor_image_size_square":{"file":"VZ-2023-LJeto_-Restoran-Tajer-2-Komisija_-A.Pancur-Ivan-Timko-M.Vukelic-J.-Sasko-Antonio-Ivcevic_-Dora-Jagodic-650x650.jpg","width":650,"height":650,"filesize":80060,"mime_type":"image\/jpeg","source_url":"https:\/\/travel-advisor.eu\/wp-content\/uploads\/2023\/07\/VZ-2023-LJeto_-Restoran-Tajer-2-Komisija_-A.Pancur-Ivan-Timko-M.Vukelic-J.-Sasko-Antonio-Ivcevic_-Dora-Jagodic-650x650.jpg"},"qi_addons_for_elementor_image_size_landscape":{"file":"VZ-2023-LJeto_-Restoran-Tajer-2-Komisija_-A.Pancur-Ivan-Timko-M.Vukelic-J.-Sasko-Antonio-Ivcevic_-Dora-Jagodic-1300x650.jpg","width":1300,"height":650,"filesize":140778,"mime_type":"image\/jpeg","source_url":"https:\/\/travel-advisor.eu\/wp-content\/uploads\/2023\/07\/VZ-2023-LJeto_-Restoran-Tajer-2-Komisija_-A.Pancur-Ivan-Timko-M.Vukelic-J.-Sasko-Antonio-Ivcevic_-Dora-Jagodic-1300x650.jpg"},"qi_addons_for_elementor_image_size_portrait":{"file":"VZ-2023-LJeto_-Restoran-Tajer-2-Komisija_-A.Pancur-Ivan-Timko-M.Vukelic-J.-Sasko-Antonio-Ivcevic_-Dora-Jagodic-650x1277.jpg","width":650,"height":1277,"filesize":127835,"mime_type":"image\/jpeg","source_url":"https:\/\/travel-advisor.eu\/wp-content\/uploads\/2023\/07\/VZ-2023-LJeto_-Restoran-Tajer-2-Komisija_-A.Pancur-Ivan-Timko-M.Vukelic-J.-Sasko-Antonio-Ivcevic_-Dora-Jagodic-650x1277.jpg"},"qi_addons_for_elementor_image_size_huge-square":{"file":"VZ-2023-LJeto_-Restoran-Tajer-2-Komisija_-A.Pancur-Ivan-Timko-M.Vukelic-J.-Sasko-Antonio-Ivcevic_-Dora-Jagodic-1300x1277.jpg","width":1300,"height":1277,"filesize":238399,"mime_type":"image\/jpeg","source_url":"https:\/\/travel-advisor.eu\/wp-content\/uploads\/2023\/07\/VZ-2023-LJeto_-Restoran-Tajer-2-Komisija_-A.Pancur-Ivan-Timko-M.Vukelic-J.-Sasko-Antonio-Ivcevic_-Dora-Jagodic-1300x1277.jpg"},"full":{"file":"VZ-2023-LJeto_-Restoran-Tajer-2-Komisija_-A.Pancur-Ivan-Timko-M.Vukelic-J.-Sasko-Antonio-Ivcevic_-Dora-Jagodic-scaled.jpg","width":1920,"height":1226,"mime_type":"image\/jpeg","source_url":"https:\/\/travel-advisor.eu\/wp-content\/uploads\/2023\/07\/VZ-2023-LJeto_-Restoran-Tajer-2-Komisija_-A.Pancur-Ivan-Timko-M.Vukelic-J.-Sasko-Antonio-Ivcevic_-Dora-Jagodic-scaled.jpg"}},"image_meta":{"aperture":"8","credit":"JJ0","camera":"NIKON D750","caption":"","created_timestamp":"1687348078","copyright":"JulioFrangenn","focal_length":"50","iso":"800","shutter_speed":"0.02","title":"","orientation":"1","keywords":[]},"original_image":"VZ-2023-LJeto_-Restoran-Tajer-2-Komisija_-A.Pancur-Ivan-Timko-M.Vukelic-J.-Sasko-Antonio-Ivcevic_-Dora-Jagodic.jpg"},"post":null,"source_url":"https:\/\/travel-advisor.eu\/wp-content\/uploads\/2023\/07\/VZ-2023-LJeto_-Restoran-Tajer-2-Komisija_-A.Pancur-Ivan-Timko-M.Vukelic-J.-Sasko-Antonio-Ivcevic_-Dora-Jagodic-scaled.jpg","_links":{"self":[{"href":"https:\/\/travel-advisor.eu\/sr\/wp-json\/wp\/v2\/media\/173151"}],"collection":[{"href":"https:\/\/travel-advisor.eu\/sr\/wp-json\/wp\/v2\/media"}],"about":[{"href":"https:\/\/travel-advisor.eu\/sr\/wp-json\/wp\/v2\/types\/attachment"}],"author":[{"embeddable":true,"href":"https:\/\/travel-advisor.eu\/sr\/wp-json\/wp\/v2\/users\/193"}],"replies":[{"embeddable":true,"href":"https:\/\/travel-advisor.eu\/sr\/wp-json\/wp\/v2\/comments?post=173151"}]}}